{"id":16274,"date":"2020-07-14T03:38:21","date_gmt":"2020-07-14T03:38:21","guid":{"rendered":"https:\/\/gatodumas.com.co\/bogota-3\/?post_type=product&#038;p=11553"},"modified":"2025-07-26T17:56:39","modified_gmt":"2025-07-26T15:56:39","slug":"servicio-de-alimentos-eventos-2","status":"publish","type":"product","link":"https:\/\/gatodumas.com.co\/barranquilla\/producto\/servicio-de-alimentos-eventos-2\/","title":{"rendered":"Supervisor de Establecimientos Gastron\u00f3micos"},"content":{"rendered":"<div class=\"wpb-content-wrapper\"><p>[vc_row full_width=\u00bbstretch_row\u00bb equal_height=\u00bbyes\u00bb content_placement=\u00bbmiddle\u00bb el_class=\u00bbdescripcion-pro titulos-c color-gris mb mt\u00bb][vc_column width=\u00bb2\/3&#8243;][vc_custom_heading text=\u00bbDescripci\u00f3n del Programa\u00bb use_theme_fonts=\u00bbyes\u00bb el_class=\u00bblinea-titulos-principal mb mt\u00bb]<div class=\"info-programas\">\n\t\t\t\t\t<div class=\"descripcion-curso\">\n\t\t\t\t\t\t<ul><\/ul>\n\t\t\t\t\t<\/div>\n\t\t\t\t\t<\/div><p class=\"boton-principal\">\n\t\t\t\t\t\t<a href=\"#inscribete\">Inscr\u00edbete<\/a>\n\t\t\t\t\t\t<a href=\"https:\/\/biz.payulatam.com\/L0cdb3f7DFDDDE8\" target=\"_blank\">Pagar ahora<\/a>\n\t\t\t\t\t<\/p><strong>Nota:<\/strong> Antes de hacer el pago, confirma a trav\u00e9s de chat <a href=\"https:\/\/wa.me\/+573205579218\" target=\"_blank\">tel:+57 320 5579218<\/a> si hay cupos disponibles.<div class=\"financia\"><h5>Financiaci\u00f3n<\/h5><img decoding=\"async\" src=\"https:\/\/gatodumas.com.co\/barranquilla\/wp-content\/uploads\/sites\/3\/addi.png\" ><img decoding=\"async\" src=\"https:\/\/gatodumas.com.co\/barranquilla\/wp-content\/themes\/generatepress_child\/img\/fincomercio.png\"  ><\/div>[\/vc_column][vc_column width=\u00bb1\/3&#8243;][vc_single_image image=\u00bb15930&#8243; img_size=\u00bbfull\u00bb alignment=\u00bbcenter\u00bb][\/vc_column][\/vc_row][vc_row equal_height=\u00bbyes\u00bb content_placement=\u00bbmiddle\u00bb][vc_column][vc_custom_heading text=\u00bb\u00c1rea Cocina\u00bb use_theme_fonts=\u00bbyes\u00bb el_class=\u00bblinea-titulos-principal mt mb\u00bb][\/vc_column][vc_column width=\u00bb2\/3&#8243;][vc_column_text el_class=\u00bbtext-white verde-claro padding-pro\u00bb]<strong>Titulaci\u00f3n:\u00a0<\/strong><br \/>\nT\u00e9cnico Laboral en Supervisor de establecimientos gastron\u00f3micos<br \/>\nAcreditaci\u00f3n en Eco-cocina[\/vc_column_text][\/vc_column][vc_column width=\u00bb1\/3&#8243;][vc_single_image image=\u00bb15585&#8243; img_size=\u00bbfull\u00bb alignment=\u00bbcenter\u00bb el_class=\u00bblogo-qs\u00bb][\/vc_column][\/vc_row][vc_row full_width=\u00bbstretch_row_content_no_spaces\u00bb el_class=\u00bbinfo-pro titulos-c\u00bb][vc_column width=\u00bb1\/4&#8243;][vc_single_image image=\u00bb15928&#8243; img_size=\u00bbfull\u00bb][\/vc_column][vc_column width=\u00bb3\/4&#8243;][vc_tta_tabs style=\u00bbflat\u00bb shape=\u00bbsquare\u00bb color=\u00bbwhite\u00bb active_section=\u00bb1&#8243; no_fill_content_area=\u00bbtrue\u00bb css=\u00bb.vc_custom_1710476009875{background-color: #ffffff !important;}\u00bb][vc_tta_section title=\u00bbAdministraci\u00f3n Gastron\u00f3mica Semestre I\u00bb tab_id=\u00bb1593481474883-0ca6c866-5b18&#8243; el_class=\u00bbfuente-verde-oscuro\u00bb][vc_custom_heading text=\u00bbAdministraci\u00f3n Gastron\u00f3mica\u00bb use_theme_fonts=\u00bbyes\u00bb el_class=\u00bblinea-titulos-principal mb mt\u00bb][vc_custom_heading text=\u00bbPresencial\u00bb use_theme_fonts=\u00bbyes\u00bb el_class=\u00bbverde-oscuro text-white subtitulos-pro\u00bb][vc_cta h2=\u00bbAdministraci\u00f3n Gastron\u00f3mica\u00bb h2_font_container=\u00bbtag:h3|text_align:left\u00bb h2_use_theme_fonts=\u00bbyes\u00bb txt_align=\u00bbcenter\u00bb style=\u00bboutline\u00bb color=\u00bbjuicy-pink\u00bb use_custom_fonts_h2=\u00bbtrue\u00bb]<\/p>\n<div id=\"pum_popup_title_419\" class=\"pum-title popmake-title\">\n<div id=\"pum_popup_title_510\" class=\"pum-title popmake-title\">\n<div id=\"pum_popup_title_558\" class=\"pum-title popmake-title\"><\/div>\n<div class=\"pum-content popmake-content\">\n<p>Conceptos fundamentales administrativos. Importancia de la ubicaci\u00f3n del negocio, competencia, clientela y rotaci\u00f3n. Proceso de compras, costos e inventarios.<\/p>\n<\/div>\n<\/div>\n<\/div>\n<p>[\/vc_cta][vc_cta h2=\u00bbServicio\u00bb h2_font_container=\u00bbtag:h3|text_align:left\u00bb h2_use_theme_fonts=\u00bbyes\u00bb txt_align=\u00bbcenter\u00bb style=\u00bboutline\u00bb color=\u00bbjuicy-pink\u00bb use_custom_fonts_h2=\u00bbtrue\u00bb]<\/p>\n<div id=\"pum_popup_title_516\" class=\"pum-title popmake-title\">\n<div id=\"pum_popup_title_560\" class=\"pum-title popmake-title\">Concepto de servicio. Calidad y excelencia en el servicio. Herramientas para cada p\u00fablico. Concepto de personalidad, identidad e imagen. Principios y normas protocolares del ceremonial social sobre las que se fundamentan la atenci\u00f3n y el servicio al cliente en situaciones sociales.<\/div>\n<\/div>\n<p>[\/vc_cta][vc_cta h2=\u00bbEtiqueta y Protocolo\u00bb h2_font_container=\u00bbtag:h3|text_align:left\u00bb h2_use_theme_fonts=\u00bbyes\u00bb txt_align=\u00bbcenter\u00bb style=\u00bboutline\u00bb color=\u00bbjuicy-pink\u00bb use_custom_fonts_h2=\u00bbtrue\u00bb][\/vc_cta][vc_row_inner el_class=\u00bbcolor-gris\u00bb][vc_column_inner][vc_custom_heading text=\u00bbVirtual\u00bb use_theme_fonts=\u00bbyes\u00bb el_class=\u00bbverde-oscuro text-white subtitulos-pro\u00bb][vc_cta h2=\u00bbHigiene\u00bb h2_font_container=\u00bbtag:h3|text_align:left\u00bb h2_use_theme_fonts=\u00bbyes\u00bb txt_align=\u00bbcenter\u00bb style=\u00bboutline\u00bb color=\u00bbgreen\u00bb use_custom_fonts_h2=\u00bbtrue\u00bb]<\/p>\n<div id=\"pum_popup_title_421\" class=\"pum-title popmake-title\">Enfermedades transmitidas por alimentos. Microorganismos. Bacterias. Intoxicaciones provocadas por los alimentos. Preservaci\u00f3n de alimentos. \u201cBuenas pr\u00e1cticas\u201d (BMP)<\/div>\n<p>[\/vc_cta][vc_cta h2=\u00bbNutrici\u00f3n\u00bb h2_font_container=\u00bbtag:h3|text_align:left\u00bb h2_use_theme_fonts=\u00bbyes\u00bb txt_align=\u00bbcenter\u00bb style=\u00bboutline\u00bb color=\u00bbgreen\u00bb use_custom_fonts_h2=\u00bbtrue\u00bb]Nutrici\u00f3n. Etapas de la nutrici\u00f3n. Nutrientes. Clasificaci\u00f3n. Funciones y fuentes. Alimentos. Definici\u00f3n y clasificaci\u00f3n de los alimentos. Composici\u00f3n y pir\u00e1mide nutricional. Energ\u00eda y par\u00e1metros nutricionales.[\/vc_cta][vc_cta h2=\u00bbRRHH\u00bb h2_font_container=\u00bbtag:h3|text_align:justify\u00bb h2_use_theme_fonts=\u00bbyes\u00bb txt_align=\u00bbcenter\u00bb style=\u00bboutline\u00bb color=\u00bbgreen\u00bb use_custom_fonts_h2=\u00bbtrue\u00bb]Manual de funciones, determinaci\u00f3n del perfil, selecci\u00f3n del personal. Contrataci\u00f3n, Capacitaci\u00f3n. Clima organizacional, comunicaci\u00f3n.[\/vc_cta][vc_cta h2=\u00bbProyecto de Vida\u00bb h2_font_container=\u00bbtag:h3|text_align:left\u00bb h2_use_theme_fonts=\u00bbyes\u00bb txt_align=\u00bbcenter\u00bb style=\u00bboutline\u00bb color=\u00bbgreen\u00bb use_custom_fonts_h2=\u00bbtrue\u00bb]La \u00e9tica y la moral. La \u00e9tica como disciplina filos\u00f3fica, racional y argumentativa. C\u00f3digos de \u00e9tica. La \u00e9tica de los negocios. Dilemas \u00e9tico-profesionales.[\/vc_cta][\/vc_column_inner][\/vc_row_inner][vc_row_inner el_class=\u00bbverde-oscuro text-white\u00bb][vc_column_inner][vc_custom_heading text=\u00bbELECTIVA\u00bb use_theme_fonts=\u00bbyes\u00bb el_class=\u00bbverde-claro text-white subtitulos-pro\u00bb][vc_column_text el_class=\u00bbtext-white titulo-white padding-pro textos-left-a\u00bb]<\/p>\n<h3>Ingl\u00e9s<\/h3>\n<p>Est\u00e1 electiva de ingl\u00e9s, tendr\u00e1 certificaci\u00f3n y se podr\u00e1 adquirir por un valor adicional de $1.000.000[\/vc_column_text][\/vc_column_inner][\/vc_row_inner][\/vc_tta_section][vc_tta_section title=\u00bbAdministraci\u00f3n Laboral Semestre II\u00bb tab_id=\u00bb1593481475125-5382925c-a324&#8243;][vc_custom_heading text=\u00bbADMINISTRACI\u00d3N LABORAL\u00bb use_theme_fonts=\u00bbyes\u00bb el_class=\u00bblinea-titulos-principal mb mt\u00bb][vc_custom_heading text=\u00bbPRESENCIAL\u00bb use_theme_fonts=\u00bbyes\u00bb el_class=\u00bbverde-claro text-white subtitulos-pro\u00bb][vc_cta h2=\u00bbAdministraci\u00f3n de RRHH\u00bb h2_font_container=\u00bbtag:h3|text_align:left\u00bb h2_use_theme_fonts=\u00bbyes\u00bb txt_align=\u00bbcenter\u00bb style=\u00bboutline\u00bb color=\u00bbjuicy-pink\u00bb use_custom_fonts_h2=\u00bbtrue\u00bb]<\/p>\n<div id=\"pum_popup_title_566\" class=\"pum-title popmake-title\"><\/div>\n<div class=\"pum-content popmake-content\">\n<p>Manual de funciones, determinaci\u00f3n del perfil, selecci\u00f3n del personal. Contrataci\u00f3n, Capacitaci\u00f3n. Clima organizacional, comunicaci\u00f3n.<\/p>\n<\/div>\n<p>[\/vc_cta][vc_cta h2=\u00bbDise\u00f1o de Men\u00fa\u00bb h2_font_container=\u00bbtag:h3|text_align:left\u00bb h2_use_theme_fonts=\u00bbyes\u00bb txt_align=\u00bbcenter\u00bb style=\u00bboutline\u00bb color=\u00bbjuicy-pink\u00bb use_custom_fonts_h2=\u00bbtrue\u00bb]Busca capacitar al alumno en las complejidades del dise\u00f1o de un men\u00fa para un evento, tomando en cuenta: hora, cantidad de invitados, tipo de evento y presupuesto. (Te\u00f3rica 50% \u2013 demostrativa 50%)[\/vc_cta][vc_cta h2=\u00bbEventos\u00bb h2_font_container=\u00bbtag:h3|text_align:left\u00bb h2_use_theme_fonts=\u00bbyes\u00bb txt_align=\u00bbcenter\u00bb style=\u00bboutline\u00bb color=\u00bbjuicy-pink\u00bb use_custom_fonts_h2=\u00bbtrue\u00bb]<\/p>\n<div id=\"pum_popup_title_568\" class=\"pum-title popmake-title\">Eventos social a profundidad. Diferentes ceremonias, tradiciones religiosas. Eventos empresariales. Eventos culturales. Eventos pol\u00edticos y deportivos de menos de 5 mil personas.<\/div>\n<p>[\/vc_cta][vc_cta h2=\u00bbInform\u00e1tica Gatron\u00f3mica\u00bb h2_font_container=\u00bbtag:h3|text_align:left\u00bb h2_use_theme_fonts=\u00bbyes\u00bb txt_align=\u00bbcenter\u00bb style=\u00bboutline\u00bb color=\u00bbjuicy-pink\u00bb use_custom_fonts_h2=\u00bbtrue\u00bb][\/vc_cta][vc_cta h2=\u00bbContabilidad\u00bb h2_font_container=\u00bbtag:h3|text_align:left\u00bb h2_use_theme_fonts=\u00bbyes\u00bb txt_align=\u00bbcenter\u00bb style=\u00bboutline\u00bb color=\u00bbjuicy-pink\u00bb use_custom_fonts_h2=\u00bbtrue\u00bb]Definici\u00f3n y conceptos. Naturaleza de las cuentas. Cuentas de activo y pasivo, de patrimonio. Estado de resultados. Balance general.[\/vc_cta][vc_row_inner el_class=\u00bbcolor-gris\u00bb][vc_column_inner][vc_custom_heading text=\u00bbVIRTUAL\u00bb use_theme_fonts=\u00bbyes\u00bb el_class=\u00bbverde-oscuro text-white subtitulos-pro\u00bb][vc_cta h2=\u00bbMarketing\u00bb h2_font_container=\u00bbtag:h3|text_align:left\u00bb h2_use_theme_fonts=\u00bbyes\u00bb txt_align=\u00bbcenter\u00bb style=\u00bboutline\u00bb color=\u00bbgreen\u00bb use_custom_fonts_h2=\u00bbtrue\u00bb]Rol, estructura y procesos de marketing desde el punto de vista de la empresa, la econom\u00eda y la sociedad. Valor al cliente. Comportamiento del consumidor. Investigaci\u00f3n de mercado. Segmentaci\u00f3n. Posicionamiento. Estrategias de marketing.[\/vc_cta][vc_cta h2=\u00bbMarketing Digital\u00bb h2_font_container=\u00bbtag:h3|text_align:left\u00bb h2_use_theme_fonts=\u00bbyes\u00bb txt_align=\u00bbcenter\u00bb style=\u00bboutline\u00bb color=\u00bbgreen\u00bb use_custom_fonts_h2=\u00bbtrue\u00bb]<\/p>\n<div id=\"pum_popup_title_475\" class=\"pum-title popmake-title\">\n<div id=\"pum_popup_title_192\" class=\"pum-title popmake-title\">Rol, estructura y procesos de marketing desde el punto de vista de la empresa, la econom\u00eda y la sociedad. Valor al cliente. Comportamiento del consumidor. Investigaci\u00f3n de mercado. Segmentaci\u00f3n. Posicionamiento. Estrategias de marketing.<\/div>\n<\/div>\n<p>[\/vc_cta][\/vc_column_inner][\/vc_row_inner][\/vc_tta_section][vc_tta_section title=\u00bbAdministraci\u00f3n de Costos Semestre III\u00bb tab_id=\u00bb1593481475234-c3218172-0e55&#8243;][vc_custom_heading text=\u00bbADMINISTRACI\u00d3N DE COSTOS\u00bb use_theme_fonts=\u00bbyes\u00bb el_class=\u00bblinea-titulos-principal mb mt\u00bb][vc_custom_heading text=\u00bbPRESENCIAL\u00bb use_theme_fonts=\u00bbyes\u00bb el_class=\u00bbverde-claro text-white subtitulos-pro\u00bb][vc_cta h2=\u00bbAdministraci\u00f3n de Costos\u00bb h2_font_container=\u00bbtag:h3|text_align:left\u00bb h2_use_theme_fonts=\u00bbyes\u00bb txt_align=\u00bbcenter\u00bb style=\u00bboutline\u00bb color=\u00bbjuicy-pink\u00bb use_custom_fonts_h2=\u00bbtrue\u00bb]<\/p>\n<div id=\"pum_popup_title_572\" class=\"pum-title popmake-title\"><\/div>\n<div class=\"pum-content popmake-content\">\n<p>Generalidad de los costos, Bases de datos y rendimientos, Receta est\u00e1ndar de producci\u00f3n, An\u00e1lisis de carnicer\u00eda, Clasificaci\u00f3n y porciones de bebidas alcoh\u00f3licas, rendimientos en el bar, inventarios, punto de equilibrio multiproductos.<\/p>\n<\/div>\n<p>[\/vc_cta][vc_cta h2=\u00bbDise\u00f1o de Restaurantes y Bares\u00bb h2_font_container=\u00bbtag:h3|text_align:left\u00bb h2_use_theme_fonts=\u00bbyes\u00bb txt_align=\u00bbcenter\u00bb style=\u00bboutline\u00bb color=\u00bbjuicy-pink\u00bb use_custom_fonts_h2=\u00bbtrue\u00bb][\/vc_cta][vc_cta h2=\u00bbMega Eventos\u00bb h2_font_container=\u00bbtag:h3|text_align:left\u00bb h2_use_theme_fonts=\u00bbyes\u00bb txt_align=\u00bbcenter\u00bb style=\u00bboutline\u00bb color=\u00bbjuicy-pink\u00bb use_custom_fonts_h2=\u00bbtrue\u00bb][\/vc_cta][vc_cta h2=\u00bbEco Cocina\u00bb h2_font_container=\u00bbtag:h3|text_align:left\u00bb h2_use_theme_fonts=\u00bbyes\u00bb txt_align=\u00bbcenter\u00bb style=\u00bboutline\u00bb color=\u00bbjuicy-pink\u00bb use_custom_fonts_h2=\u00bbtrue\u00bb]Tendremos un enfoque\u00a0en\u00a0cocina y alimentaci\u00f3n que busca ser m\u00e1s respetuoso con el medio ambiente y sostenible desde el punto de vista ecol\u00f3gico. Este enfoque se basa en la idea de minimizar los desperdicios de la producci\u00f3n alimentos, as\u00ed como promover pr\u00e1cticas culinarias que sean m\u00e1s amigables con el planeta, desde la creaci\u00f3n de huertas urbanas, siembra, cuidado, compost, destinada al cultivo de hortalizas y arom\u00e1ticas y el reciclaje de basuras para llegar a ser un profesional con conciencia ecol\u00f3gica.[\/vc_cta][vc_cta h2=\u00bbBEBIDAS (Vinos- Caf\u00e9 y Cocteleria)\u00bb h2_font_container=\u00bbtag:h3|text_align:left\u00bb h2_use_theme_fonts=\u00bbyes\u00bb txt_align=\u00bbcenter\u00bb style=\u00bboutline\u00bb color=\u00bbjuicy-pink\u00bb use_custom_fonts_h2=\u00bbtrue\u00bb]Las bebidas y sus atributos sensoriales. Origen. Historia. El alcohol en el organismo. Pr\u00e1ctica y elaboraci\u00f3n de cocteles cl\u00e1sicos. Licores. Destilados.[\/vc_cta][vc_row_inner el_class=\u00bbcolor-gris\u00bb][vc_column_inner][vc_custom_heading text=\u00bbVIRTUAL\u00bb use_theme_fonts=\u00bbyes\u00bb el_class=\u00bbverde-oscuro text-white subtitulos-pro\u00bb][vc_cta h2=\u00bbRelaciones P\u00fablicas\u00bb h2_font_container=\u00bbtag:h3|text_align:left\u00bb h2_use_theme_fonts=\u00bbyes\u00bb txt_align=\u00bbcenter\u00bb style=\u00bboutline\u00bb color=\u00bbgreen\u00bb use_custom_fonts_h2=\u00bbtrue\u00bb]Expande tu capacidad de relacionarte con tu entorno, anticiparte a las necesidades de tus clientes, manejar diferentes medios de comunicaci\u00f3n y gestionar patrocinios.[\/vc_cta][vc_cta h2=\u00bbLegislaci\u00f3n\u00bb h2_font_container=\u00bbtag:h3|text_align:left\u00bb h2_use_theme_fonts=\u00bbyes\u00bb txt_align=\u00bbcenter\u00bb style=\u00bboutline\u00bb color=\u00bbgreen\u00bb use_custom_fonts_h2=\u00bbtrue\u00bb]<\/p>\n<div id=\"pum_popup_title_475\" class=\"pum-title popmake-title\">Instituciones pol\u00edticas, constituci\u00f3n, establecimientos de comercio, sociedades, contratos, t\u00edtulos valores, resoluci\u00f3n de conflicto.<\/div>\n<p>[\/vc_cta][\/vc_column_inner][\/vc_row_inner][\/vc_tta_section][\/vc_tta_tabs][\/vc_column][\/vc_row][vc_row el_class=\u00bbnotas\u00bb][vc_column][vc_column_text]<\/p>\n<h3 style=\"text-align: center\">Campos de Acci\u00f3n<\/h3>\n<p style=\"text-align: center\">Cadenas de Restaurantes, Hoteles, Centros Gastron\u00f3micos, Centros de Convenciones, empresas relacionadas con el campo de la gastronom\u00eda, Plantas de producci\u00f3n, Comit\u00e9s feriales, Sector p\u00fablico (Alcald\u00edas, fundaciones, ONG\u00b4s), Asesor Gastron\u00f3mico, Agencias de publicidad, empresas privadas con importante inversi\u00f3n en temas de eventos y comunicaciones.<\/p>\n<p>[\/vc_column_text][\/vc_column][\/vc_row][vc_row el_class=\u00bbmb mt\u00bb][vc_column][vc_column_text]<\/p>\n<h4 style=\"text-align: center\"><strong>\u00a1Ser Gato Dumas es un orgullo de pocos que impactan a muchos!<\/strong><\/h4>\n<p>[\/vc_column_text]\n\t\t\t\t\t<div class=\"accordion-egresados\">\n\t\t\t\t\t  \t<ul><li tabindex=\"1\"  class=\"open\" >\n\t\t\t\t\t\t\t\t      <div>\n\t\t\t\t\t\t\t\t      \t<div>\n\t\t\t\t\t\t\t\t        \t<div class=\"eg-img\" style=\"background-image:url(https:\/\/gatodumas.com.co\/barranquilla\/wp-content\/uploads\/sites\/3\/2024\/03\/Erick-Lapi-1.png)\"><\/div>\n\t\t\t\t\t\t\t\t        \t<div class=\"eg-info\">\n\t\t\t\t\t\t\t\t        \t\t<h3>Erick Lapi<\/h3>\n\t\t\t\t\t\t\t\t        \t\t<p><h5><strong>SU EMPRENDIMIENTO ERICK LA\u00cd DEGUSTACIONES EN SANTIAGO DE CHILE<\/strong><\/h5>\r\n\u201cGato Dumas para m\u00ed fue un desaf\u00edo constante, abri\u00f3 mis ojos y mis sentidos, realmente fue un reencuentro conmigo mismo, descubr\u00ed mi verdadera pasi\u00f3n y desde entonces no he parado de trabajar en lo que amo. Y yo Erick Lapi soy orgullosamente Gato Dumas\u201d\n\t\t\t\t\t\t\t\t        \t<\/div>\n\t\t\t\t\t\t\t\t      \t<\/div>\n\t\t\t\t\t\t\t\t      <\/div>\n\t\t\t\t\t\t\t\t    <\/li><li tabindex=\"1\" >\n\t\t\t\t\t\t\t\t      <div>\n\t\t\t\t\t\t\t\t      \t<div>\n\t\t\t\t\t\t\t\t        \t<div class=\"eg-img\" style=\"background-image:url(https:\/\/gatodumas.com.co\/barranquilla\/wp-content\/uploads\/sites\/3\/2024\/03\/mauricio-pen\u0303a-1.jpg)\"><\/div>\n\t\t\t\t\t\t\t\t        \t<div class=\"eg-info\">\n\t\t\t\t\t\t\t\t        \t\t<h3>Mauricio Pe\u00f1a<\/h3>\n\t\t\t\t\t\t\t\t        \t\t<p><h5><strong>SU EMPRENDIMIENTO FAMILIA PANETTERIA CREADO HACE DOS A\u00d1OS.<\/strong><\/h5>\r\n\u201cEste era mi sue\u00f1o, ahora es mi pasi\u00f3n y profesi\u00f3n. \u00a1Por siempre dir\u00e9 YoSoyGatoDumas!\u201d\n\t\t\t\t\t\t\t\t        \t<\/div>\n\t\t\t\t\t\t\t\t      \t<\/div>\n\t\t\t\t\t\t\t\t      <\/div>\n\t\t\t\t\t\t\t\t    <\/li>\n\t\t\t\t\t\t<\/ul>\n\t\t\t\t\t<\/div>[\/vc_column][\/vc_row]<\/p>\n<\/div>","protected":false},"excerpt":{"rendered":"<p style=\"text-align: justify\">Atraemos personas que sue\u00f1an con ocupar una posici\u00f3n de liderazgo o tener su propio emprendimiento y llevar su talento al mundo. Que sean apasionados, curiosos, inquietos, con esp\u00edritu creativo e innovador y que busquen la excelencia en cada cosa que hacen. Gato Dumas se compromete a conectarlos con sus aspiraciones a trav\u00e9s del programa Supervisor de Establecimientos Gastron\u00f3micos<\/p>\n<h4 style=\"text-align: left\"><strong>NUESTRO COMPROMISO CONTIGO<\/strong><\/h4>\n<ul style=\"text-align: left\">\n<li>La mejor experiencia acad\u00e9mica.<\/li>\n<li>Oportunidades de trabajo en sitios de alto reconocimiento.<\/li>\n<li>Te conectamos con las mejores experiencias gastron\u00f3micas en cualquier parte del mundo.<\/li>\n<\/ul>\n","protected":false},"featured_media":16304,"comment_status":"closed","ping_status":"closed","template":"","meta":{"_acf_changed":false},"product_brand":[],"product_cat":[107],"product_tag":[],"class_list":{"0":"post-16274","1":"product","2":"type-product","3":"status-publish","4":"has-post-thumbnail","6":"product_cat-administracon-y-eventos","8":"first","9":"instock","10":"shipping-taxable","11":"purchasable","12":"product-type-simple"},"acf":[],"yoast_head":"<!-- This site is optimized with the Yoast SEO plugin v25.9 - https:\/\/yoast.com\/wordpress\/plugins\/seo\/ -->\n<title>Supervisor de Establecimientos Gastron\u00f3micos - Gato Dumas Barranquilla<\/title>\n<meta name=\"robots\" content=\"index, follow, max-snippet:-1, max-image-preview:large, max-video-preview:-1\" \/>\n<link rel=\"canonical\" href=\"https:\/\/gatodumas.com.co\/barranquilla\/producto\/servicio-de-alimentos-eventos-2\/\" \/>\n<meta property=\"og:locale\" content=\"es_ES\" \/>\n<meta property=\"og:type\" content=\"article\" \/>\n<meta property=\"og:title\" content=\"Supervisor de Establecimientos Gastron\u00f3micos - Gato Dumas Barranquilla\" \/>\n<meta property=\"og:description\" content=\"Atraemos personas que sue\u00f1an con ocupar una posici\u00f3n de liderazgo o tener su propio emprendimiento y llevar su talento al mundo. Que sean apasionados, curiosos, inquietos, con esp\u00edritu creativo e innovador y que busquen la excelencia en cada cosa que hacen. Gato Dumas se compromete a conectarlos con sus aspiraciones a trav\u00e9s del programa Supervisor de Establecimientos Gastron\u00f3micos NUESTRO COMPROMISO CONTIGO  La mejor experiencia acad\u00e9mica.  Oportunidades de trabajo en sitios de alto reconocimiento.  Te conectamos con las mejores experiencias gastron\u00f3micas en cualquier parte del mundo.\" \/>\n<meta property=\"og:url\" content=\"https:\/\/gatodumas.com.co\/barranquilla\/producto\/servicio-de-alimentos-eventos-2\/\" \/>\n<meta property=\"og:site_name\" content=\"Gato Dumas Barranquilla\" \/>\n<meta property=\"article:modified_time\" content=\"2025-07-26T15:56:39+00:00\" \/>\n<meta property=\"og:image\" content=\"https:\/\/gatodumas.com.co\/barranquilla\/wp-content\/uploads\/sites\/3\/2020\/07\/supervisor-1.jpg\" \/>\n\t<meta property=\"og:image:width\" content=\"601\" \/>\n\t<meta property=\"og:image:height\" content=\"900\" \/>\n\t<meta property=\"og:image:type\" content=\"image\/jpeg\" \/>\n<meta name=\"twitter:card\" content=\"summary_large_image\" \/>\n<meta name=\"twitter:label1\" content=\"Tiempo de lectura\" \/>\n\t<meta name=\"twitter:data1\" content=\"4 minutos\" \/>\n<script type=\"application\/ld+json\" class=\"yoast-schema-graph\">{\"@context\":\"https:\/\/schema.org\",\"@graph\":[{\"@type\":\"WebPage\",\"@id\":\"https:\/\/gatodumas.com.co\/barranquilla\/producto\/servicio-de-alimentos-eventos-2\/\",\"url\":\"https:\/\/gatodumas.com.co\/barranquilla\/producto\/servicio-de-alimentos-eventos-2\/\",\"name\":\"Supervisor de Establecimientos Gastron\u00f3micos - Gato Dumas Barranquilla\",\"isPartOf\":{\"@id\":\"https:\/\/gatodumas.com.co\/barranquilla\/#website\"},\"primaryImageOfPage\":{\"@id\":\"https:\/\/gatodumas.com.co\/barranquilla\/producto\/servicio-de-alimentos-eventos-2\/#primaryimage\"},\"image\":{\"@id\":\"https:\/\/gatodumas.com.co\/barranquilla\/producto\/servicio-de-alimentos-eventos-2\/#primaryimage\"},\"thumbnailUrl\":\"https:\/\/gatodumas.com.co\/barranquilla\/wp-content\/uploads\/sites\/3\/2020\/07\/supervisor-1.jpg\",\"datePublished\":\"2020-07-14T03:38:21+00:00\",\"dateModified\":\"2025-07-26T15:56:39+00:00\",\"breadcrumb\":{\"@id\":\"https:\/\/gatodumas.com.co\/barranquilla\/producto\/servicio-de-alimentos-eventos-2\/#breadcrumb\"},\"inLanguage\":\"es\",\"potentialAction\":[{\"@type\":\"ReadAction\",\"target\":[\"https:\/\/gatodumas.com.co\/barranquilla\/producto\/servicio-de-alimentos-eventos-2\/\"]}]},{\"@type\":\"ImageObject\",\"inLanguage\":\"es\",\"@id\":\"https:\/\/gatodumas.com.co\/barranquilla\/producto\/servicio-de-alimentos-eventos-2\/#primaryimage\",\"url\":\"https:\/\/gatodumas.com.co\/barranquilla\/wp-content\/uploads\/sites\/3\/2020\/07\/supervisor-1.jpg\",\"contentUrl\":\"https:\/\/gatodumas.com.co\/barranquilla\/wp-content\/uploads\/sites\/3\/2020\/07\/supervisor-1.jpg\",\"width\":601,\"height\":900},{\"@type\":\"BreadcrumbList\",\"@id\":\"https:\/\/gatodumas.com.co\/barranquilla\/producto\/servicio-de-alimentos-eventos-2\/#breadcrumb\",\"itemListElement\":[{\"@type\":\"ListItem\",\"position\":1,\"name\":\"Portada\",\"item\":\"https:\/\/gatodumas.com.co\/barranquilla\/\"},{\"@type\":\"ListItem\",\"position\":2,\"name\":\"Productos\",\"item\":\"https:\/\/gatodumas.com.co\/barranquilla\/shop\/\"},{\"@type\":\"ListItem\",\"position\":3,\"name\":\"Supervisor de Establecimientos Gastron\u00f3micos\"}]},{\"@type\":\"WebSite\",\"@id\":\"https:\/\/gatodumas.com.co\/barranquilla\/#website\",\"url\":\"https:\/\/gatodumas.com.co\/barranquilla\/\",\"name\":\"Gato Dumas Barranquilla\",\"description\":\"\",\"publisher\":{\"@id\":\"https:\/\/gatodumas.com.co\/barranquilla\/#organization\"},\"potentialAction\":[{\"@type\":\"SearchAction\",\"target\":{\"@type\":\"EntryPoint\",\"urlTemplate\":\"https:\/\/gatodumas.com.co\/barranquilla\/?s={search_term_string}\"},\"query-input\":{\"@type\":\"PropertyValueSpecification\",\"valueRequired\":true,\"valueName\":\"search_term_string\"}}],\"inLanguage\":\"es\"},{\"@type\":\"Organization\",\"@id\":\"https:\/\/gatodumas.com.co\/barranquilla\/#organization\",\"name\":\"Gato Dumas Barranquilla\",\"url\":\"https:\/\/gatodumas.com.co\/barranquilla\/\",\"logo\":{\"@type\":\"ImageObject\",\"inLanguage\":\"es\",\"@id\":\"https:\/\/gatodumas.com.co\/barranquilla\/#\/schema\/logo\/image\/\",\"url\":\"https:\/\/gatodumas.com.co\/barranquilla\/wp-content\/uploads\/sites\/3\/2024\/03\/cropped-dumas-negro-01-1-1.png\",\"contentUrl\":\"https:\/\/gatodumas.com.co\/barranquilla\/wp-content\/uploads\/sites\/3\/2024\/03\/cropped-dumas-negro-01-1-1.png\",\"width\":2496,\"height\":854,\"caption\":\"Gato Dumas Barranquilla\"},\"image\":{\"@id\":\"https:\/\/gatodumas.com.co\/barranquilla\/#\/schema\/logo\/image\/\"}}]}<\/script>\n<!-- \/ Yoast SEO plugin. -->","yoast_head_json":{"title":"Supervisor de Establecimientos Gastron\u00f3micos - Gato Dumas Barranquilla","robots":{"index":"index","follow":"follow","max-snippet":"max-snippet:-1","max-image-preview":"max-image-preview:large","max-video-preview":"max-video-preview:-1"},"canonical":"https:\/\/gatodumas.com.co\/barranquilla\/producto\/servicio-de-alimentos-eventos-2\/","og_locale":"es_ES","og_type":"article","og_title":"Supervisor de Establecimientos Gastron\u00f3micos - Gato Dumas Barranquilla","og_description":"Atraemos personas que sue\u00f1an con ocupar una posici\u00f3n de liderazgo o tener su propio emprendimiento y llevar su talento al mundo. Que sean apasionados, curiosos, inquietos, con esp\u00edritu creativo e innovador y que busquen la excelencia en cada cosa que hacen. Gato Dumas se compromete a conectarlos con sus aspiraciones a trav\u00e9s del programa Supervisor de Establecimientos Gastron\u00f3micos NUESTRO COMPROMISO CONTIGO  La mejor experiencia acad\u00e9mica.  Oportunidades de trabajo en sitios de alto reconocimiento.  Te conectamos con las mejores experiencias gastron\u00f3micas en cualquier parte del mundo.","og_url":"https:\/\/gatodumas.com.co\/barranquilla\/producto\/servicio-de-alimentos-eventos-2\/","og_site_name":"Gato Dumas Barranquilla","article_modified_time":"2025-07-26T15:56:39+00:00","og_image":[{"width":601,"height":900,"url":"https:\/\/gatodumas.com.co\/barranquilla\/wp-content\/uploads\/sites\/3\/2020\/07\/supervisor-1.jpg","type":"image\/jpeg"}],"twitter_card":"summary_large_image","twitter_misc":{"Tiempo de lectura":"4 minutos"},"schema":{"@context":"https:\/\/schema.org","@graph":[{"@type":"WebPage","@id":"https:\/\/gatodumas.com.co\/barranquilla\/producto\/servicio-de-alimentos-eventos-2\/","url":"https:\/\/gatodumas.com.co\/barranquilla\/producto\/servicio-de-alimentos-eventos-2\/","name":"Supervisor de Establecimientos Gastron\u00f3micos - Gato Dumas Barranquilla","isPartOf":{"@id":"https:\/\/gatodumas.com.co\/barranquilla\/#website"},"primaryImageOfPage":{"@id":"https:\/\/gatodumas.com.co\/barranquilla\/producto\/servicio-de-alimentos-eventos-2\/#primaryimage"},"image":{"@id":"https:\/\/gatodumas.com.co\/barranquilla\/producto\/servicio-de-alimentos-eventos-2\/#primaryimage"},"thumbnailUrl":"https:\/\/gatodumas.com.co\/barranquilla\/wp-content\/uploads\/sites\/3\/2020\/07\/supervisor-1.jpg","datePublished":"2020-07-14T03:38:21+00:00","dateModified":"2025-07-26T15:56:39+00:00","breadcrumb":{"@id":"https:\/\/gatodumas.com.co\/barranquilla\/producto\/servicio-de-alimentos-eventos-2\/#breadcrumb"},"inLanguage":"es","potentialAction":[{"@type":"ReadAction","target":["https:\/\/gatodumas.com.co\/barranquilla\/producto\/servicio-de-alimentos-eventos-2\/"]}]},{"@type":"ImageObject","inLanguage":"es","@id":"https:\/\/gatodumas.com.co\/barranquilla\/producto\/servicio-de-alimentos-eventos-2\/#primaryimage","url":"https:\/\/gatodumas.com.co\/barranquilla\/wp-content\/uploads\/sites\/3\/2020\/07\/supervisor-1.jpg","contentUrl":"https:\/\/gatodumas.com.co\/barranquilla\/wp-content\/uploads\/sites\/3\/2020\/07\/supervisor-1.jpg","width":601,"height":900},{"@type":"BreadcrumbList","@id":"https:\/\/gatodumas.com.co\/barranquilla\/producto\/servicio-de-alimentos-eventos-2\/#breadcrumb","itemListElement":[{"@type":"ListItem","position":1,"name":"Portada","item":"https:\/\/gatodumas.com.co\/barranquilla\/"},{"@type":"ListItem","position":2,"name":"Productos","item":"https:\/\/gatodumas.com.co\/barranquilla\/shop\/"},{"@type":"ListItem","position":3,"name":"Supervisor de Establecimientos Gastron\u00f3micos"}]},{"@type":"WebSite","@id":"https:\/\/gatodumas.com.co\/barranquilla\/#website","url":"https:\/\/gatodumas.com.co\/barranquilla\/","name":"Gato Dumas Barranquilla","description":"","publisher":{"@id":"https:\/\/gatodumas.com.co\/barranquilla\/#organization"},"potentialAction":[{"@type":"SearchAction","target":{"@type":"EntryPoint","urlTemplate":"https:\/\/gatodumas.com.co\/barranquilla\/?s={search_term_string}"},"query-input":{"@type":"PropertyValueSpecification","valueRequired":true,"valueName":"search_term_string"}}],"inLanguage":"es"},{"@type":"Organization","@id":"https:\/\/gatodumas.com.co\/barranquilla\/#organization","name":"Gato Dumas Barranquilla","url":"https:\/\/gatodumas.com.co\/barranquilla\/","logo":{"@type":"ImageObject","inLanguage":"es","@id":"https:\/\/gatodumas.com.co\/barranquilla\/#\/schema\/logo\/image\/","url":"https:\/\/gatodumas.com.co\/barranquilla\/wp-content\/uploads\/sites\/3\/2024\/03\/cropped-dumas-negro-01-1-1.png","contentUrl":"https:\/\/gatodumas.com.co\/barranquilla\/wp-content\/uploads\/sites\/3\/2024\/03\/cropped-dumas-negro-01-1-1.png","width":2496,"height":854,"caption":"Gato Dumas Barranquilla"},"image":{"@id":"https:\/\/gatodumas.com.co\/barranquilla\/#\/schema\/logo\/image\/"}}]}},"_links":{"self":[{"href":"https:\/\/gatodumas.com.co\/barranquilla\/wp-json\/wp\/v2\/product\/16274","targetHints":{"allow":["GET"]}}],"collection":[{"href":"https:\/\/gatodumas.com.co\/barranquilla\/wp-json\/wp\/v2\/product"}],"about":[{"href":"https:\/\/gatodumas.com.co\/barranquilla\/wp-json\/wp\/v2\/types\/product"}],"replies":[{"embeddable":true,"href":"https:\/\/gatodumas.com.co\/barranquilla\/wp-json\/wp\/v2\/comments?post=16274"}],"wp:featuredmedia":[{"embeddable":true,"href":"https:\/\/gatodumas.com.co\/barranquilla\/wp-json\/wp\/v2\/media\/16304"}],"wp:attachment":[{"href":"https:\/\/gatodumas.com.co\/barranquilla\/wp-json\/wp\/v2\/media?parent=16274"}],"wp:term":[{"taxonomy":"product_brand","embeddable":true,"href":"https:\/\/gatodumas.com.co\/barranquilla\/wp-json\/wp\/v2\/product_brand?post=16274"},{"taxonomy":"product_cat","embeddable":true,"href":"https:\/\/gatodumas.com.co\/barranquilla\/wp-json\/wp\/v2\/product_cat?post=16274"},{"taxonomy":"product_tag","embeddable":true,"href":"https:\/\/gatodumas.com.co\/barranquilla\/wp-json\/wp\/v2\/product_tag?post=16274"}],"curies":[{"name":"wp","href":"https:\/\/api.w.org\/{rel}","templated":true}]}}